{"id":791,"date":"2022-10-03T19:08:27","date_gmt":"2022-10-03T19:08:27","guid":{"rendered":"https:\/\/180surcampers.com\/ES\/?page_id=791"},"modified":"2026-04-28T21:55:33","modified_gmt":"2026-04-28T21:55:33","slug":"faq","status":"publish","type":"page","link":"https:\/\/180surcampers.com\/es\/faq\/","title":{"rendered":"FAQ"},"content":{"rendered":"\t\t<div data-elementor-type=\"wp-page\" data-elementor-id=\"791\" class=\"elementor elementor-791\" data-elementor-settings=\"{&quot;ha_cmc_init_switcher&quot;:&quot;no&quot;}\" data-elementor-post-type=\"page\">\n\t\t\t\t\t\t<section class=\"elementor-section elementor-top-section elementor-element elementor-element-8b15837 elementor-section-boxed elementor-section-height-default elementor-section-height-default\" data-id=\"8b15837\" data-element_type=\"section\" data-e-type=\"section\" data-settings=\"{&quot;jet_parallax_layout_list&quot;:[],&quot;_ha_eqh_enable&quot;:false}\">\n\t\t\t\t\t\t<div class=\"elementor-container elementor-column-gap-wider\">\n\t\t\t\t\t<div class=\"elementor-column elementor-col-50 elementor-top-column elementor-element elementor-element-b0e931f\" data-id=\"b0e931f\" data-element_type=\"column\" data-e-type=\"column\">\n\t\t\t<div class=\"elementor-widget-wrap elementor-element-populated\">\n\t\t\t\t\t\t<div class=\"elementor-element elementor-element-f9a6388 elementor-widget elementor-widget-heading\" data-id=\"f9a6388\" data-element_type=\"widget\" data-e-type=\"widget\" data-widget_type=\"heading.default\">\n\t\t\t\t<div class=\"elementor-widget-container\">\n\t\t\t\t\t<h2 class=\"elementor-heading-title elementor-size-default\">1. \u00bfQu\u00e9 accesorios tienen los campers?<\/h2>\t\t\t\t<\/div>\n\t\t\t\t<\/div>\n\t\t\t\t<div class=\"elementor-element elementor-element-cadd958 elementor-widget elementor-widget-text-editor\" data-id=\"cadd958\" data-element_type=\"widget\" data-e-type=\"widget\" data-widget_type=\"text-editor.default\">\n\t\t\t\t<div class=\"elementor-widget-container\">\n\t\t\t\t\t\t\t\t\t<p>Nuestros campers cuentan cocina y equipos para cocinar (ollas, sart\u00e9n, cuchillos, cafetera, platos, cubiertos, etc.), refrigerador, calefacci\u00f3n, ducha con agua caliente, mesa interior y exterior. Si quieres incluir extras, preg\u00fantanos!<\/p>\t\t\t\t\t\t\t\t<\/div>\n\t\t\t\t<\/div>\n\t\t\t\t\t<\/div>\n\t\t<\/div>\n\t\t\t\t<div class=\"elementor-column elementor-col-50 elementor-top-column elementor-element elementor-element-223288d\" data-id=\"223288d\" data-element_type=\"column\" data-e-type=\"column\">\n\t\t\t<div class=\"elementor-widget-wrap elementor-element-populated\">\n\t\t\t\t\t\t<div class=\"elementor-element elementor-element-0746bc3 elementor-widget elementor-widget-heading\" data-id=\"0746bc3\" data-element_type=\"widget\" data-e-type=\"widget\" data-widget_type=\"heading.default\">\n\t\t\t\t<div class=\"elementor-widget-container\">\n\t\t\t\t\t<h2 class=\"elementor-heading-title elementor-size-default\">2. \u00bfQu\u00e9 extras puedo<br>agregar al arriendo del camper?<\/h2>\t\t\t\t<\/div>\n\t\t\t\t<\/div>\n\t\t\t\t<div class=\"elementor-element elementor-element-3dc245e elementor-widget elementor-widget-text-editor\" data-id=\"3dc245e\" data-element_type=\"widget\" data-e-type=\"widget\" data-widget_type=\"text-editor.default\">\n\t\t\t\t<div class=\"elementor-widget-container\">\n\t\t\t\t\t\t\t\t\t<p data-start=\"244\" data-end=\"554\">Ofrecemos equipamiento y servicios adicionales que puedes agregar a tu reserva, como kayaks, parrilla, Starlink, permiso para cruzar a Argentina, tablas de SUP, hamacas, sillas de ni\u00f1o, ba\u00f1o port\u00e1til, portaesqu\u00eds, sacos de dormir y colchonetas, bidones de combustible, una carpa adicional y cadenas para nieve.<\/p><p data-start=\"556\" data-end=\"629\">Pregunta por disponibilidad y precios al momento de hacer tu reserva.<\/p>\t\t\t\t\t\t\t\t<\/div>\n\t\t\t\t<\/div>\n\t\t\t\t\t<\/div>\n\t\t<\/div>\n\t\t\t\t\t<\/div>\n\t\t<\/section>\n\t\t\t\t<section class=\"elementor-section elementor-top-section elementor-element elementor-element-8e82091 elementor-section-boxed elementor-section-height-default elementor-section-height-default\" data-id=\"8e82091\" data-element_type=\"section\" data-e-type=\"section\" data-settings=\"{&quot;jet_parallax_layout_list&quot;:[],&quot;_ha_eqh_enable&quot;:false}\">\n\t\t\t\t\t\t<div class=\"elementor-container elementor-column-gap-wider\">\n\t\t\t\t\t<div class=\"elementor-column elementor-col-50 elementor-top-column elementor-element elementor-element-b9d6527\" data-id=\"b9d6527\" data-element_type=\"column\" data-e-type=\"column\">\n\t\t\t<div class=\"elementor-widget-wrap elementor-element-populated\">\n\t\t\t\t\t\t<div class=\"elementor-element elementor-element-4432bae elementor-widget elementor-widget-heading\" data-id=\"4432bae\" data-element_type=\"widget\" data-e-type=\"widget\" data-widget_type=\"heading.default\">\n\t\t\t\t<div class=\"elementor-widget-container\">\n\t\t\t\t\t<h2 class=\"elementor-heading-title elementor-size-default\">3. \u00bfC\u00f3mo funciona el proceso de reserva?<br><\/h2>\t\t\t\t<\/div>\n\t\t\t\t<\/div>\n\t\t\t\t<div class=\"elementor-element elementor-element-7842690 elementor-widget elementor-widget-text-editor\" data-id=\"7842690\" data-element_type=\"widget\" data-e-type=\"widget\" data-widget_type=\"text-editor.default\">\n\t\t\t\t<div class=\"elementor-widget-container\">\n\t\t\t\t\t\t\t\t\t<p>\u00a0Lo primero es definir el tipo de camper que quieres reservar y las fechas y lugares donde lo quieres tomar y dejar. No lo tienes claro? No te preocupes, nosotros te ayudamos! Te entregaremos una cotizaci\u00f3n para tu arriendo, la que podr\u00e1s hacer efectiva pagando el 50% del total o 2.000 USD por adelantado. El remanente de la reserva se paga al momento de iniciar el viaje.<\/p>\t\t\t\t\t\t\t\t<\/div>\n\t\t\t\t<\/div>\n\t\t\t\t\t<\/div>\n\t\t<\/div>\n\t\t\t\t<div class=\"elementor-column elementor-col-50 elementor-top-column elementor-element elementor-element-8828376\" data-id=\"8828376\" data-element_type=\"column\" data-e-type=\"column\">\n\t\t\t<div class=\"elementor-widget-wrap elementor-element-populated\">\n\t\t\t\t\t\t<div class=\"elementor-element elementor-element-cc25387 elementor-widget elementor-widget-heading\" data-id=\"cc25387\" data-element_type=\"widget\" data-e-type=\"widget\" data-widget_type=\"heading.default\">\n\t\t\t\t<div class=\"elementor-widget-container\">\n\t\t\t\t\t<h2 class=\"elementor-heading-title elementor-size-default\">4. \u00bfQu\u00e9 documentos necesito para hacer una reserva?<br><\/h2>\t\t\t\t<\/div>\n\t\t\t\t<\/div>\n\t\t\t\t<div class=\"elementor-element elementor-element-b0c027e elementor-widget elementor-widget-text-editor\" data-id=\"b0c027e\" data-element_type=\"widget\" data-e-type=\"widget\" data-widget_type=\"text-editor.default\">\n\t\t\t\t<div class=\"elementor-widget-container\">\n\t\t\t\t\t\t\t\t\t<p>Solo necesitaremos una foto de tu pasaporte y licencia de conducir.<\/p>\t\t\t\t\t\t\t\t<\/div>\n\t\t\t\t<\/div>\n\t\t\t\t\t<\/div>\n\t\t<\/div>\n\t\t\t\t\t<\/div>\n\t\t<\/section>\n\t\t\t\t<section class=\"elementor-section elementor-top-section elementor-element elementor-element-a06ee76 elementor-section-boxed elementor-section-height-default elementor-section-height-default\" data-id=\"a06ee76\" data-element_type=\"section\" data-e-type=\"section\" data-settings=\"{&quot;jet_parallax_layout_list&quot;:[],&quot;_ha_eqh_enable&quot;:false}\">\n\t\t\t\t\t\t<div class=\"elementor-container elementor-column-gap-wider\">\n\t\t\t\t\t<div class=\"elementor-column elementor-col-50 elementor-top-column elementor-element elementor-element-4814d75\" data-id=\"4814d75\" data-element_type=\"column\" data-e-type=\"column\">\n\t\t\t<div class=\"elementor-widget-wrap elementor-element-populated\">\n\t\t\t\t\t\t<div class=\"elementor-element elementor-element-734c753 elementor-widget elementor-widget-heading\" data-id=\"734c753\" data-element_type=\"widget\" data-e-type=\"widget\" data-widget_type=\"heading.default\">\n\t\t\t\t<div class=\"elementor-widget-container\">\n\t\t\t\t\t<h2 class=\"elementor-heading-title elementor-size-default\">5. \u00bfD\u00f3nde puedo tomar y\/o dejar un camper?<br><\/h2>\t\t\t\t<\/div>\n\t\t\t\t<\/div>\n\t\t\t\t<div class=\"elementor-element elementor-element-734bb09 elementor-widget elementor-widget-text-editor\" data-id=\"734bb09\" data-element_type=\"widget\" data-e-type=\"widget\" data-widget_type=\"text-editor.default\">\n\t\t\t\t<div class=\"elementor-widget-container\">\n\t\t\t\t\t\t\t\t\t<p>Tenemos punto permanente de entrega y devoluci\u00f3n en Puerto Varas.<\/p><p>Tambi\u00e9n ofrecemos entrega y\/o devoluci\u00f3n en Santiago y Punta Arenas, as\u00ed como en otras ciudades de Chile, seg\u00fan disponibilidad y con un costo adicional.<\/p>\t\t\t\t\t\t\t\t<\/div>\n\t\t\t\t<\/div>\n\t\t\t\t\t<\/div>\n\t\t<\/div>\n\t\t\t\t<div class=\"elementor-column elementor-col-50 elementor-top-column elementor-element elementor-element-cb33239\" data-id=\"cb33239\" data-element_type=\"column\" data-e-type=\"column\">\n\t\t\t<div class=\"elementor-widget-wrap elementor-element-populated\">\n\t\t\t\t\t\t<div class=\"elementor-element elementor-element-aae3002 elementor-widget elementor-widget-heading\" data-id=\"aae3002\" data-element_type=\"widget\" data-e-type=\"widget\" data-widget_type=\"heading.default\">\n\t\t\t\t<div class=\"elementor-widget-container\">\n\t\t\t\t\t<h2 class=\"elementor-heading-title elementor-size-default\">6. \u00bfQu\u00e9 debo considerar al momento de recibir y entregar el camper?<br><\/h2>\t\t\t\t<\/div>\n\t\t\t\t<\/div>\n\t\t\t\t<div class=\"elementor-element elementor-element-67f1c60 elementor-widget elementor-widget-text-editor\" data-id=\"67f1c60\" data-element_type=\"widget\" data-e-type=\"widget\" data-widget_type=\"text-editor.default\">\n\t\t\t\t<div class=\"elementor-widget-container\">\n\t\t\t\t\t\t\t\t\t<p>Al momento de iniciar el viaje, se debe considerar un tiempo de 40 minutos de inducci\u00f3n sobre el funcionamiento general del camper y sus accesorios. Al momento de terminar el viaje, se debe considerar un tiempo de al menos 30 minutos para revisar el estado de devoluci\u00f3n del camper y cerrar el contrato de arriendo.<\/p>\t\t\t\t\t\t\t\t<\/div>\n\t\t\t\t<\/div>\n\t\t\t\t\t<\/div>\n\t\t<\/div>\n\t\t\t\t\t<\/div>\n\t\t<\/section>\n\t\t\t\t<section class=\"elementor-section elementor-top-section elementor-element elementor-element-1b30e12 elementor-section-boxed elementor-section-height-default elementor-section-height-default\" data-id=\"1b30e12\" data-element_type=\"section\" data-e-type=\"section\" data-settings=\"{&quot;jet_parallax_layout_list&quot;:[],&quot;_ha_eqh_enable&quot;:false}\">\n\t\t\t\t\t\t<div class=\"elementor-container elementor-column-gap-wider\">\n\t\t\t\t\t<div class=\"elementor-column elementor-col-50 elementor-top-column elementor-element elementor-element-72c2220\" data-id=\"72c2220\" data-element_type=\"column\" data-e-type=\"column\">\n\t\t\t<div class=\"elementor-widget-wrap elementor-element-populated\">\n\t\t\t\t\t\t<div class=\"elementor-element elementor-element-02bc04d elementor-widget elementor-widget-heading\" data-id=\"02bc04d\" data-element_type=\"widget\" data-e-type=\"widget\" data-widget_type=\"heading.default\">\n\t\t\t\t<div class=\"elementor-widget-container\">\n\t\t\t\t\t<h2 class=\"elementor-heading-title elementor-size-default\">7. \u00bfQu\u00e9 incluye el precio del arriendo?<br><\/h2>\t\t\t\t<\/div>\n\t\t\t\t<\/div>\n\t\t\t\t<div class=\"elementor-element elementor-element-a9c285b elementor-widget elementor-widget-text-editor\" data-id=\"a9c285b\" data-element_type=\"widget\" data-e-type=\"widget\" data-widget_type=\"text-editor.default\">\n\t\t\t\t<div class=\"elementor-widget-container\">\n\t\t\t\t\t\t\t\t\t<p>El precio del arriendo incluye equipamiento completo para el camper: ropa de cama, toallas, kit de cocina, entre otros. Adem\u00e1s, se incluye un seguro contra da\u00f1os en el camper y\/o la camioneta.<\/p>\t\t\t\t\t\t\t\t<\/div>\n\t\t\t\t<\/div>\n\t\t\t\t\t<\/div>\n\t\t<\/div>\n\t\t\t\t<div class=\"elementor-column elementor-col-50 elementor-top-column elementor-element elementor-element-b2ef903\" data-id=\"b2ef903\" data-element_type=\"column\" data-e-type=\"column\">\n\t\t\t<div class=\"elementor-widget-wrap elementor-element-populated\">\n\t\t\t\t\t\t<div class=\"elementor-element elementor-element-81767b3 elementor-widget elementor-widget-heading\" data-id=\"81767b3\" data-element_type=\"widget\" data-e-type=\"widget\" data-widget_type=\"heading.default\">\n\t\t\t\t<div class=\"elementor-widget-container\">\n\t\t\t\t\t<h2 class=\"elementor-heading-title elementor-size-default\">8. \u00bfHay alg\u00fan descuento para arriendos largos?<br><\/h2>\t\t\t\t<\/div>\n\t\t\t\t<\/div>\n\t\t\t\t<div class=\"elementor-element elementor-element-75dd608 elementor-widget elementor-widget-text-editor\" data-id=\"75dd608\" data-element_type=\"widget\" data-e-type=\"widget\" data-widget_type=\"text-editor.default\">\n\t\t\t\t<div class=\"elementor-widget-container\">\n\t\t\t\t\t\t\t\t\t<p>Nuestros precios son diarios y diferenciados seg\u00fan el n\u00famero de d\u00edas que arriendes, por lo que si tomas el camper por m\u00e1s de 14 d\u00edas, acceder\u00e1s a un precio diario hasta 10% m\u00e1s bajo. Puedes revisar el detalle de nuestros precios en la secci\u00f3n \u201cour campers\u201d.<\/p>\t\t\t\t\t\t\t\t<\/div>\n\t\t\t\t<\/div>\n\t\t\t\t\t<\/div>\n\t\t<\/div>\n\t\t\t\t\t<\/div>\n\t\t<\/section>\n\t\t\t\t<section class=\"elementor-section elementor-top-section elementor-element elementor-element-4857752 elementor-section-boxed elementor-section-height-default elementor-section-height-default\" data-id=\"4857752\" data-element_type=\"section\" data-e-type=\"section\" data-settings=\"{&quot;jet_parallax_layout_list&quot;:[],&quot;_ha_eqh_enable&quot;:false}\">\n\t\t\t\t\t\t<div class=\"elementor-container elementor-column-gap-wider\">\n\t\t\t\t\t<div class=\"elementor-column elementor-col-50 elementor-top-column elementor-element elementor-element-3467efa\" data-id=\"3467efa\" data-element_type=\"column\" data-e-type=\"column\">\n\t\t\t<div class=\"elementor-widget-wrap elementor-element-populated\">\n\t\t\t\t\t\t<div class=\"elementor-element elementor-element-e121ed3 elementor-widget elementor-widget-heading\" data-id=\"e121ed3\" data-element_type=\"widget\" data-e-type=\"widget\" data-widget_type=\"heading.default\">\n\t\t\t\t<div class=\"elementor-widget-container\">\n\t\t\t\t\t<h2 class=\"elementor-heading-title elementor-size-default\">9. \u00bfLos precios de las cotizaciones incluyen los impuestos?<br><\/h2>\t\t\t\t<\/div>\n\t\t\t\t<\/div>\n\t\t\t\t<div class=\"elementor-element elementor-element-f248744 elementor-widget elementor-widget-text-editor\" data-id=\"f248744\" data-element_type=\"widget\" data-e-type=\"widget\" data-widget_type=\"text-editor.default\">\n\t\t\t\t<div class=\"elementor-widget-container\">\n\t\t\t\t\t\t\t\t\t<p>Todos nuestras cotizaciones indican el precio final a pagar, incluyendo impuestos, por lo que no pagar\u00e1s costos extras.<\/p>\t\t\t\t\t\t\t\t<\/div>\n\t\t\t\t<\/div>\n\t\t\t\t\t<\/div>\n\t\t<\/div>\n\t\t\t\t<div class=\"elementor-column elementor-col-50 elementor-top-column elementor-element elementor-element-571ab48\" data-id=\"571ab48\" data-element_type=\"column\" data-e-type=\"column\">\n\t\t\t<div class=\"elementor-widget-wrap elementor-element-populated\">\n\t\t\t\t\t\t<div class=\"elementor-element elementor-element-802ce24 elementor-widget elementor-widget-heading\" data-id=\"802ce24\" data-element_type=\"widget\" data-e-type=\"widget\" data-widget_type=\"heading.default\">\n\t\t\t\t<div class=\"elementor-widget-container\">\n\t\t\t\t\t<h2 class=\"elementor-heading-title elementor-size-default\">10. \u00bfDebo dejar una garant\u00eda durante el arriendo?<br><\/h2>\t\t\t\t<\/div>\n\t\t\t\t<\/div>\n\t\t\t\t<div class=\"elementor-element elementor-element-4cfe2b3 elementor-widget elementor-widget-text-editor\" data-id=\"4cfe2b3\" data-element_type=\"widget\" data-e-type=\"widget\" data-widget_type=\"text-editor.default\">\n\t\t\t\t<div class=\"elementor-widget-container\">\n\t\t\t\t\t\t\t\t\t<p>S\u00ed. Durante el arriendo del camper debes dejar una garant\u00eda equivalente a 2.000 d\u00f3lares, la que es devuelta al cliente una vez que el arriendo termina y se comprueba que el camper ha sido devuelto en buenas condiciones.<\/p>\t\t\t\t\t\t\t\t<\/div>\n\t\t\t\t<\/div>\n\t\t\t\t\t<\/div>\n\t\t<\/div>\n\t\t\t\t\t<\/div>\n\t\t<\/section>\n\t\t\t\t<section class=\"elementor-section elementor-top-section elementor-element elementor-element-2834fc8 elementor-section-boxed elementor-section-height-default elementor-section-height-default\" data-id=\"2834fc8\" data-element_type=\"section\" data-e-type=\"section\" data-settings=\"{&quot;jet_parallax_layout_list&quot;:[],&quot;_ha_eqh_enable&quot;:false}\">\n\t\t\t\t\t\t<div class=\"elementor-container elementor-column-gap-wider\">\n\t\t\t\t\t<div class=\"elementor-column elementor-col-50 elementor-top-column elementor-element elementor-element-ab77434\" data-id=\"ab77434\" data-element_type=\"column\" data-e-type=\"column\">\n\t\t\t<div class=\"elementor-widget-wrap elementor-element-populated\">\n\t\t\t\t\t\t<div class=\"elementor-element elementor-element-1bb55d3 elementor-widget elementor-widget-heading\" data-id=\"1bb55d3\" data-element_type=\"widget\" data-e-type=\"widget\" data-widget_type=\"heading.default\">\n\t\t\t\t<div class=\"elementor-widget-container\">\n\t\t\t\t\t<h2 class=\"elementor-heading-title elementor-size-default\">11. \u00bfQu\u00e9 medios de pago puedo utilizar para pagar mi reserva?<br><\/h2>\t\t\t\t<\/div>\n\t\t\t\t<\/div>\n\t\t\t\t<div class=\"elementor-element elementor-element-c68efce elementor-widget elementor-widget-text-editor\" data-id=\"c68efce\" data-element_type=\"widget\" data-e-type=\"widget\" data-widget_type=\"text-editor.default\">\n\t\t\t\t<div class=\"elementor-widget-container\">\n\t\t\t\t\t\t\t\t\t<p>Aceptamos transferencias bancarias y pagos con tarjetas. Este \u00faltimo, implica un recargo del 3%.<\/p>\t\t\t\t\t\t\t\t<\/div>\n\t\t\t\t<\/div>\n\t\t\t\t\t<\/div>\n\t\t<\/div>\n\t\t\t\t<div class=\"elementor-column elementor-col-50 elementor-top-column elementor-element elementor-element-4a26952\" data-id=\"4a26952\" data-element_type=\"column\" data-e-type=\"column\">\n\t\t\t<div class=\"elementor-widget-wrap elementor-element-populated\">\n\t\t\t\t\t\t<div class=\"elementor-element elementor-element-c9c03c8 elementor-widget elementor-widget-heading\" data-id=\"c9c03c8\" data-element_type=\"widget\" data-e-type=\"widget\" data-widget_type=\"heading.default\">\n\t\t\t\t<div class=\"elementor-widget-container\">\n\t\t\t\t\t<h2 class=\"elementor-heading-title elementor-size-default\">12. \u00bfNecesito una licencia especial para manejar el camper?<br><\/h2>\t\t\t\t<\/div>\n\t\t\t\t<\/div>\n\t\t\t\t<div class=\"elementor-element elementor-element-6c9affd elementor-widget elementor-widget-text-editor\" data-id=\"6c9affd\" data-element_type=\"widget\" data-e-type=\"widget\" data-widget_type=\"text-editor.default\">\n\t\t\t\t<div class=\"elementor-widget-container\">\n\t\t\t\t\t\t\t\t\t<p>No, para manejar nuestros campers, solo debes tener una licencia vigente clase B valida en tu pa\u00eds de residencia. Asegurate de que sabes c\u00f3mo manejar un veh\u00edculo con cambio manual.<\/p><p>En el caso de modelos de mayor tama\u00f1o, como el Mammoth, se requiere una licencia clase A4.<\/p>\t\t\t\t\t\t\t\t<\/div>\n\t\t\t\t<\/div>\n\t\t\t\t\t<\/div>\n\t\t<\/div>\n\t\t\t\t\t<\/div>\n\t\t<\/section>\n\t\t\t\t<section class=\"elementor-section elementor-top-section elementor-element elementor-element-cc3ce83 elementor-section-boxed elementor-section-height-default elementor-section-height-default\" data-id=\"cc3ce83\" data-element_type=\"section\" data-e-type=\"section\" data-settings=\"{&quot;jet_parallax_layout_list&quot;:[],&quot;_ha_eqh_enable&quot;:false}\">\n\t\t\t\t\t\t<div class=\"elementor-container elementor-column-gap-wider\">\n\t\t\t\t\t<div class=\"elementor-column elementor-col-50 elementor-top-column elementor-element elementor-element-37f8ac8\" data-id=\"37f8ac8\" data-element_type=\"column\" data-e-type=\"column\">\n\t\t\t<div class=\"elementor-widget-wrap elementor-element-populated\">\n\t\t\t\t\t\t<div class=\"elementor-element elementor-element-33f2b99 elementor-widget elementor-widget-heading\" data-id=\"33f2b99\" data-element_type=\"widget\" data-e-type=\"widget\" data-widget_type=\"heading.default\">\n\t\t\t\t<div class=\"elementor-widget-container\">\n\t\t\t\t\t<h2 class=\"elementor-heading-title elementor-size-default\">13. \u00bfQu\u00e9 precauciones debo tener al conducir el camper?<br><\/h2>\t\t\t\t<\/div>\n\t\t\t\t<\/div>\n\t\t\t\t<div class=\"elementor-element elementor-element-e4700bc elementor-widget elementor-widget-text-editor\" data-id=\"e4700bc\" data-element_type=\"widget\" data-e-type=\"widget\" data-widget_type=\"text-editor.default\">\n\t\t\t\t<div class=\"elementor-widget-container\">\n\t\t\t\t\t\t\t\t\t<p>Hay dos razones principales que hacen que manejar un camper sea m\u00e1s complicado que manejar un veh\u00edculo com\u00fan y corriente: (i) el peso adicional y (ii) la sobre dimensi\u00f3n. Manejar con un peso extra implica reacciones m\u00e1s lentas (por ejemplo, el frenado), mientras que la sobre dimensi\u00f3n hace m\u00e1s complejos los giros y el paso por lugares estrechos. Como regla general se recomienda conducir siempre atento y a la defensiva, mantener las distancias e ir a velocidades prudentes.<\/p>\t\t\t\t\t\t\t\t<\/div>\n\t\t\t\t<\/div>\n\t\t\t\t\t<\/div>\n\t\t<\/div>\n\t\t\t\t<div class=\"elementor-column elementor-col-50 elementor-top-column elementor-element elementor-element-aab16ef\" data-id=\"aab16ef\" data-element_type=\"column\" data-e-type=\"column\">\n\t\t\t<div class=\"elementor-widget-wrap elementor-element-populated\">\n\t\t\t\t\t\t<div class=\"elementor-element elementor-element-331061b elementor-widget elementor-widget-heading\" data-id=\"331061b\" data-element_type=\"widget\" data-e-type=\"widget\" data-widget_type=\"heading.default\">\n\t\t\t\t<div class=\"elementor-widget-container\">\n\t\t\t\t\t<h2 class=\"elementor-heading-title elementor-size-default\">14. \u00bfQu\u00e9 hago si tengo alg\u00fan problema durante el viaje?<br><\/h2>\t\t\t\t<\/div>\n\t\t\t\t<\/div>\n\t\t\t\t<div class=\"elementor-element elementor-element-58c6f41 elementor-widget elementor-widget-text-editor\" data-id=\"58c6f41\" data-element_type=\"widget\" data-e-type=\"widget\" data-widget_type=\"text-editor.default\">\n\t\t\t\t<div class=\"elementor-widget-container\">\n\t\t\t\t\t\t\t\t\t<p>Trabajamos enfocados en prevenir problemas m\u00e1s que en reaccionar. Sin embargo, tambi\u00e9n entendemos que un viaje en camper puede traer sorpresas, por lo que nuestros arriendos cuentan con asistencia telef\u00f3nica ante eventuales problemas que se presenten en la ruta.<\/p>\t\t\t\t\t\t\t\t<\/div>\n\t\t\t\t<\/div>\n\t\t\t\t\t<\/div>\n\t\t<\/div>\n\t\t\t\t\t<\/div>\n\t\t<\/section>\n\t\t\t\t<section class=\"elementor-section elementor-top-section elementor-element elementor-element-8cf0fdf elementor-section-boxed elementor-section-height-default elementor-section-height-default\" data-id=\"8cf0fdf\" data-element_type=\"section\" data-e-type=\"section\" data-settings=\"{&quot;jet_parallax_layout_list&quot;:[],&quot;_ha_eqh_enable&quot;:false}\">\n\t\t\t\t\t\t<div class=\"elementor-container elementor-column-gap-wider\">\n\t\t\t\t\t<div class=\"elementor-column elementor-col-50 elementor-top-column elementor-element elementor-element-3e8223c\" data-id=\"3e8223c\" data-element_type=\"column\" data-e-type=\"column\">\n\t\t\t<div class=\"elementor-widget-wrap elementor-element-populated\">\n\t\t\t\t\t\t<div class=\"elementor-element elementor-element-9981a02 elementor-widget elementor-widget-heading\" data-id=\"9981a02\" data-element_type=\"widget\" data-e-type=\"widget\" data-widget_type=\"heading.default\">\n\t\t\t\t<div class=\"elementor-widget-container\">\n\t\t\t\t\t<h2 class=\"elementor-heading-title elementor-size-default\">15. \u00bfCu\u00e1l es el m\u00ednimo de d\u00edas para arrendar un camper?<\/h2>\t\t\t\t<\/div>\n\t\t\t\t<\/div>\n\t\t\t\t<div class=\"elementor-element elementor-element-876c201 elementor-widget elementor-widget-text-editor\" data-id=\"876c201\" data-element_type=\"widget\" data-e-type=\"widget\" data-widget_type=\"text-editor.default\">\n\t\t\t\t<div class=\"elementor-widget-container\">\n\t\t\t\t\t\t\t\t\t<p>El m\u00ednimo de arriendo depende de la temporada:<\/p><ul><li>Temporada baja (1 de abril de 2026 al 21 de octubre de 2026, y 1 de abril de 2027 al 21 de octubre de 2027): m\u00ednimo de 4 d\u00edas \/ 3 noches<\/li><li>Temporada alta (21 de octubre de 2026 al 1 de abril de 2027): m\u00ednimo de 7 d\u00edas \/ 6 noches<\/li><\/ul>\t\t\t\t\t\t\t\t<\/div>\n\t\t\t\t<\/div>\n\t\t\t\t\t<\/div>\n\t\t<\/div>\n\t\t\t\t<div class=\"elementor-column elementor-col-50 elementor-top-column elementor-element elementor-element-3c2cb52\" data-id=\"3c2cb52\" data-element_type=\"column\" data-e-type=\"column\">\n\t\t\t<div class=\"elementor-widget-wrap elementor-element-populated\">\n\t\t\t\t\t\t\t<\/div>\n\t\t<\/div>\n\t\t\t\t\t<\/div>\n\t\t<\/section>\n\t\t\t\t<\/div>\n\t\t","protected":false},"excerpt":{"rendered":"<p>1. \u00bfQu\u00e9 accesorios tienen los campers? Nuestros campers cuentan cocina y equipos para cocinar (ollas, sart\u00e9n, cuchillos, cafetera, platos, cubiertos, etc.), refrigerador, calefacci\u00f3n, ducha con agua caliente, mesa interior y exterior. Si quieres incluir extras, preg\u00fantanos! 2. \u00bfQu\u00e9 extras puedoagregar al arriendo del camper? Ofrecemos equipamiento y servicios adicionales que puedes agregar a tu reserva, [&hellip;]<\/p>\n","protected":false},"author":1,"featured_media":0,"parent":0,"menu_order":0,"comment_status":"closed","ping_status":"closed","template":"elementor_header_footer","meta":{"footnotes":""},"class_list":["post-791","page","type-page","status-publish","hentry"],"yoast_head":"<!-- This site is optimized with the Yoast SEO plugin v27.3 - https:\/\/yoast.com\/product\/yoast-seo-wordpress\/ -->\n<title>FAQ - 180surcampers<\/title>\n<meta name=\"robots\" content=\"index, follow, max-snippet:-1, max-image-preview:large, max-video-preview:-1\" \/>\n<link rel=\"canonical\" href=\"https:\/\/180surcampers.com\/es\/faq\/\" \/>\n<meta property=\"og:locale\" content=\"es_ES\" \/>\n<meta property=\"og:type\" content=\"article\" \/>\n<meta property=\"og:title\" content=\"FAQ - 180surcampers\" \/>\n<meta property=\"og:description\" content=\"1. \u00bfQu\u00e9 accesorios tienen los campers? Nuestros campers cuentan cocina y equipos para cocinar (ollas, sart\u00e9n, cuchillos, cafetera, platos, cubiertos, etc.), refrigerador, calefacci\u00f3n, ducha con agua caliente, mesa interior y exterior. Si quieres incluir extras, preg\u00fantanos! 2. \u00bfQu\u00e9 extras puedoagregar al arriendo del camper? Ofrecemos equipamiento y servicios adicionales que puedes agregar a tu reserva, [&hellip;]\" \/>\n<meta property=\"og:url\" content=\"https:\/\/180surcampers.com\/es\/faq\/\" \/>\n<meta property=\"og:site_name\" content=\"180surcampers\" \/>\n<meta property=\"article:modified_time\" content=\"2026-04-28T21:55:33+00:00\" \/>\n<meta name=\"twitter:card\" content=\"summary_large_image\" \/>\n<meta name=\"twitter:label1\" content=\"Tiempo de lectura\" \/>\n\t<meta name=\"twitter:data1\" content=\"4 minutos\" \/>\n<script type=\"application\/ld+json\" class=\"yoast-schema-graph\">{\"@context\":\"https:\\\/\\\/schema.org\",\"@graph\":[{\"@type\":\"WebPage\",\"@id\":\"https:\\\/\\\/180surcampers.com\\\/es\\\/faq\\\/\",\"url\":\"https:\\\/\\\/180surcampers.com\\\/es\\\/faq\\\/\",\"name\":\"FAQ - 180surcampers\",\"isPartOf\":{\"@id\":\"https:\\\/\\\/180surcampers.com\\\/es\\\/#website\"},\"datePublished\":\"2022-10-03T19:08:27+00:00\",\"dateModified\":\"2026-04-28T21:55:33+00:00\",\"breadcrumb\":{\"@id\":\"https:\\\/\\\/180surcampers.com\\\/es\\\/faq\\\/#breadcrumb\"},\"inLanguage\":\"es\",\"potentialAction\":[{\"@type\":\"ReadAction\",\"target\":[\"https:\\\/\\\/180surcampers.com\\\/es\\\/faq\\\/\"]}]},{\"@type\":\"BreadcrumbList\",\"@id\":\"https:\\\/\\\/180surcampers.com\\\/es\\\/faq\\\/#breadcrumb\",\"itemListElement\":[{\"@type\":\"ListItem\",\"position\":1,\"name\":\"Home\",\"item\":\"https:\\\/\\\/180surcampers.com\\\/es\\\/\"},{\"@type\":\"ListItem\",\"position\":2,\"name\":\"FAQ\"}]},{\"@type\":\"WebSite\",\"@id\":\"https:\\\/\\\/180surcampers.com\\\/es\\\/#website\",\"url\":\"https:\\\/\\\/180surcampers.com\\\/es\\\/\",\"name\":\"180surcampers\",\"description\":\"My WordPress Blog\",\"potentialAction\":[{\"@type\":\"SearchAction\",\"target\":{\"@type\":\"EntryPoint\",\"urlTemplate\":\"https:\\\/\\\/180surcampers.com\\\/es\\\/?s={search_term_string}\"},\"query-input\":{\"@type\":\"PropertyValueSpecification\",\"valueRequired\":true,\"valueName\":\"search_term_string\"}}],\"inLanguage\":\"es\"}]}<\/script>\n<!-- \/ Yoast SEO plugin. -->","yoast_head_json":{"title":"FAQ - 180surcampers","robots":{"index":"index","follow":"follow","max-snippet":"max-snippet:-1","max-image-preview":"max-image-preview:large","max-video-preview":"max-video-preview:-1"},"canonical":"https:\/\/180surcampers.com\/es\/faq\/","og_locale":"es_ES","og_type":"article","og_title":"FAQ - 180surcampers","og_description":"1. \u00bfQu\u00e9 accesorios tienen los campers? Nuestros campers cuentan cocina y equipos para cocinar (ollas, sart\u00e9n, cuchillos, cafetera, platos, cubiertos, etc.), refrigerador, calefacci\u00f3n, ducha con agua caliente, mesa interior y exterior. Si quieres incluir extras, preg\u00fantanos! 2. \u00bfQu\u00e9 extras puedoagregar al arriendo del camper? Ofrecemos equipamiento y servicios adicionales que puedes agregar a tu reserva, [&hellip;]","og_url":"https:\/\/180surcampers.com\/es\/faq\/","og_site_name":"180surcampers","article_modified_time":"2026-04-28T21:55:33+00:00","twitter_card":"summary_large_image","twitter_misc":{"Tiempo de lectura":"4 minutos"},"schema":{"@context":"https:\/\/schema.org","@graph":[{"@type":"WebPage","@id":"https:\/\/180surcampers.com\/es\/faq\/","url":"https:\/\/180surcampers.com\/es\/faq\/","name":"FAQ - 180surcampers","isPartOf":{"@id":"https:\/\/180surcampers.com\/es\/#website"},"datePublished":"2022-10-03T19:08:27+00:00","dateModified":"2026-04-28T21:55:33+00:00","breadcrumb":{"@id":"https:\/\/180surcampers.com\/es\/faq\/#breadcrumb"},"inLanguage":"es","potentialAction":[{"@type":"ReadAction","target":["https:\/\/180surcampers.com\/es\/faq\/"]}]},{"@type":"BreadcrumbList","@id":"https:\/\/180surcampers.com\/es\/faq\/#breadcrumb","itemListElement":[{"@type":"ListItem","position":1,"name":"Home","item":"https:\/\/180surcampers.com\/es\/"},{"@type":"ListItem","position":2,"name":"FAQ"}]},{"@type":"WebSite","@id":"https:\/\/180surcampers.com\/es\/#website","url":"https:\/\/180surcampers.com\/es\/","name":"180surcampers","description":"My WordPress Blog","potentialAction":[{"@type":"SearchAction","target":{"@type":"EntryPoint","urlTemplate":"https:\/\/180surcampers.com\/es\/?s={search_term_string}"},"query-input":{"@type":"PropertyValueSpecification","valueRequired":true,"valueName":"search_term_string"}}],"inLanguage":"es"}]}},"_links":{"self":[{"href":"https:\/\/180surcampers.com\/es\/wp-json\/wp\/v2\/pages\/791","targetHints":{"allow":["GET"]}}],"collection":[{"href":"https:\/\/180surcampers.com\/es\/wp-json\/wp\/v2\/pages"}],"about":[{"href":"https:\/\/180surcampers.com\/es\/wp-json\/wp\/v2\/types\/page"}],"author":[{"embeddable":true,"href":"https:\/\/180surcampers.com\/es\/wp-json\/wp\/v2\/users\/1"}],"replies":[{"embeddable":true,"href":"https:\/\/180surcampers.com\/es\/wp-json\/wp\/v2\/comments?post=791"}],"version-history":[{"count":90,"href":"https:\/\/180surcampers.com\/es\/wp-json\/wp\/v2\/pages\/791\/revisions"}],"predecessor-version":[{"id":5934,"href":"https:\/\/180surcampers.com\/es\/wp-json\/wp\/v2\/pages\/791\/revisions\/5934"}],"wp:attachment":[{"href":"https:\/\/180surcampers.com\/es\/wp-json\/wp\/v2\/media?parent=791"}],"curies":[{"name":"wp","href":"https:\/\/api.w.org\/{rel}","templated":true}]}}